{"id":3496,"date":"2022-08-31T17:26:16","date_gmt":"2022-08-31T15:26:16","guid":{"rendered":"https:\/\/www.fisiocraneo.com\/formacio-a-professionals"},"modified":"2026-07-14T18:46:10","modified_gmt":"2026-07-14T16:46:10","slug":"formacio-a-professionals","status":"publish","type":"page","link":"https:\/\/www.fisiocraneo.com\/ca\/formacio-a-professionals","title":{"rendered":"Formaci\u00f3 a Professionals"},"content":{"rendered":"<div class=\"gb-container gb-container-f6d88e91\">\n<div class=\"gb-container gb-container-aed942d4\"><div class=\"gb-inside-container\">\n<div class=\"gb-grid-wrapper gb-grid-wrapper-4e3d6dc6\">\n<div class=\"gb-grid-column gb-grid-column-b29d8c10\"><div class=\"gb-container gb-container-b29d8c10\"><div class=\"gb-inside-container\">\n<div class=\"gb-container gb-container-297af89f\"><div class=\"gb-inside-container\">\n\n<div class=\"wp-block-columns is-layout-flex wp-container-core-columns-is-layout-8f761849 wp-block-columns-is-layout-flex\">\n<div class=\"wp-block-column is-layout-flow wp-block-column-is-layout-flow\" style=\"flex-basis:33.33%\"><\/div>\n\n\n\n<div class=\"wp-block-column is-layout-flow wp-block-column-is-layout-flow\" style=\"flex-basis:66.66%\">\n<p class=\"wp-block-paragraph\">Fisiocraneo participa activament de la formaci\u00f3 de fisioterapeutes a l&#8217;\u00e0mbit dels trastorns temporomandibulars, cefalees, migranya, trastorns del son entre altres quadres cl\u00ednics de l&#8217;esfera craniofacial.<\/p>\n\n\n\n<p class=\"wp-block-paragraph\">Si t&#8217;interessa formar-te en aquest \u00e0mbit consulta els propers cursos i esdeveniments en qu\u00e8 participem.<\/p>\n\n\n\n<p class=\"wp-block-paragraph\">Estem compromesos amb la divulgaci\u00f3 i \u00e9s per aix\u00f2 que dediquem part de la nostra tasca a investigar, actualitzar-nos i compartir els aven\u00e7os de la fisioter\u00e0pia en aquest camp.<\/p>\n<\/div>\n<\/div>\n\n<\/div><\/div>\n\n\n<h2 class=\"wp-block-heading\">El que no et pots perdre<\/h2>\n\n\n\n<div class=\"wp-block-columns is-layout-flex wp-container-core-columns-is-layout-8f761849 wp-block-columns-is-layout-flex\">\n<div class=\"wp-block-column is-layout-flow wp-block-column-is-layout-flow\">\n<p class=\"has-text-align-center wp-block-paragraph\"><strong>PROPERAMENT<\/strong><\/p>\n\n\n<div class=\"wp-block-image\">\n<figure class=\"aligncenter size-large\"><img loading=\"lazy\" decoding=\"async\" width=\"1024\" height=\"768\" src=\"https:\/\/www.fisiocraneo.com\/wp-content\/uploads\/2025\/11\/image-1024x768.png\" alt=\"\" class=\"wp-image-3148\" srcset=\"https:\/\/www.fisiocraneo.com\/wp-content\/uploads\/2025\/11\/image-1024x768.png 1024w, https:\/\/www.fisiocraneo.com\/wp-content\/uploads\/2025\/11\/image-300x225.png 300w, https:\/\/www.fisiocraneo.com\/wp-content\/uploads\/2025\/11\/image-768x576.png 768w, https:\/\/www.fisiocraneo.com\/wp-content\/uploads\/2025\/11\/image-1536x1152.png 1536w, https:\/\/www.fisiocraneo.com\/wp-content\/uploads\/2025\/11\/image.png 1600w\" sizes=\"auto, (max-width: 1024px) 100vw, 1024px\" \/><\/figure>\n<\/div>\n\n\n<p class=\"has-text-align-center wp-block-paragraph\"><em>Curs 2025-2026<\/em><\/p>\n\n\n\n<h4 class=\"wp-block-heading has-text-align-left has-accent-2-color has-text-color has-link-color wp-elements-1\">II edici\u00f3 del Postgrau en cefalees, trastorns temporomandibulars i s\u00edndromes vestibulars<\/h4>\n\n\n\n<p class=\"wp-block-paragraph\" style=\"font-size:15px\">Aquest curs 2025-2026 s&#8217;imparteix la segona edici\u00f3 del Postgrau on participen com a docents l&#8217;equip de Fisiocraneo.<\/p>\n\n\n\n<p class=\"has-text-align-center wp-block-paragraph\"><a href=\"https:\/\/www.umanresa.cat\/index.php\/es\/estudios\/posgrados\/posgrado-fisioterapia-cefaleas-trastornos-temporomandibulares-y-sindromes-vestibulares\" target=\"_blank\" rel=\"noopener\">+ Informaci\u00f3<\/a><\/p>\n<\/div>\n\n\n\n<div class=\"wp-block-column is-layout-flow wp-block-column-is-layout-flow\">\n<p class=\"has-text-align-center wp-block-paragraph\"><strong>EL M\u00c9S RECENT<\/strong><\/p>\n\n\n\n<figure class=\"wp-block-image size-full\"><img loading=\"lazy\" decoding=\"async\" width=\"1548\" height=\"1066\" src=\"https:\/\/www.fisiocraneo.com\/wp-content\/uploads\/2025\/11\/Captura-de-pantalla-2025-11-23-a-las-11.04.24.png\" alt=\"\" class=\"wp-image-3144\" srcset=\"https:\/\/www.fisiocraneo.com\/wp-content\/uploads\/2025\/11\/Captura-de-pantalla-2025-11-23-a-las-11.04.24.png 1548w, https:\/\/www.fisiocraneo.com\/wp-content\/uploads\/2025\/11\/Captura-de-pantalla-2025-11-23-a-las-11.04.24-300x207.png 300w, https:\/\/www.fisiocraneo.com\/wp-content\/uploads\/2025\/11\/Captura-de-pantalla-2025-11-23-a-las-11.04.24-1024x705.png 1024w, https:\/\/www.fisiocraneo.com\/wp-content\/uploads\/2025\/11\/Captura-de-pantalla-2025-11-23-a-las-11.04.24-768x529.png 768w, https:\/\/www.fisiocraneo.com\/wp-content\/uploads\/2025\/11\/Captura-de-pantalla-2025-11-23-a-las-11.04.24-1536x1058.png 1536w\" sizes=\"auto, (max-width: 1548px) 100vw, 1548px\" \/><\/figure>\n\n\n\n<p class=\"has-text-align-center wp-block-paragraph\"><em><em>Novembre de 2025<\/em><\/em><\/p>\n\n\n\n<h4 class=\"wp-block-heading has-text-align-left has-accent-2-color has-text-color has-link-color wp-elements-2\">Nou article publicat sobre intervencions actives per a l&#8217;apnea del son<\/h4>\n\n\n\n<p class=\"wp-block-paragraph\" style=\"font-size:15px\">Nou umbrella review publicat amb Jordi Padr\u00f3s i Arnau Cerd\u00e0: evid\u00e8ncia actualitzada sobre intervencions actives per a l&#8217;apnea del son.<\/p>\n\n\n\n<p class=\"has-text-align-center wp-block-paragraph\"><a href=\"https:\/\/www.sciencedirect.com\/science\/article\/pii\/S1389945725023408\" target=\"_blank\" rel=\"noopener\">Accedir a la not\u00edcia<\/a><\/p>\n<\/div>\n\n\n\n<div class=\"wp-block-column is-layout-flow wp-block-column-is-layout-flow\">\n<p class=\"has-text-align-center wp-block-paragraph\"><strong>ANTERIORMENT<\/strong><\/p>\n\n\n<div class=\"wp-block-image\">\n<figure class=\"aligncenter size-large is-resized\"><img loading=\"lazy\" decoding=\"async\" width=\"1024\" height=\"1024\" src=\"https:\/\/www.fisiocraneo.com\/wp-content\/uploads\/2025\/11\/WhatsApp-Image-2025-11-23-at-17.52.16-1024x1024.jpeg\" alt=\"\" class=\"wp-image-3147\" style=\"width:241px;height:auto\" srcset=\"https:\/\/www.fisiocraneo.com\/wp-content\/uploads\/2025\/11\/WhatsApp-Image-2025-11-23-at-17.52.16-1024x1024.jpeg 1024w, https:\/\/www.fisiocraneo.com\/wp-content\/uploads\/2025\/11\/WhatsApp-Image-2025-11-23-at-17.52.16-300x300.jpeg 300w, https:\/\/www.fisiocraneo.com\/wp-content\/uploads\/2025\/11\/WhatsApp-Image-2025-11-23-at-17.52.16-150x150.jpeg 150w, https:\/\/www.fisiocraneo.com\/wp-content\/uploads\/2025\/11\/WhatsApp-Image-2025-11-23-at-17.52.16-768x768.jpeg 768w, https:\/\/www.fisiocraneo.com\/wp-content\/uploads\/2025\/11\/WhatsApp-Image-2025-11-23-at-17.52.16.jpeg 1440w\" sizes=\"auto, (max-width: 1024px) 100vw, 1024px\" \/><\/figure>\n<\/div>\n\n\n<p class=\"has-text-align-center wp-block-paragraph\"><em>ANTERIORMENT<\/em><\/p>\n\n\n\n<h4 class=\"wp-block-heading has-text-align-left has-accent-2-color has-text-color has-link-color wp-elements-3\">Curs de valoraci\u00f3 i abordatge dels TTM. M\u00e0ster en Medicina, Cirurgia i Implantologia Oral de la Universitat de Barcelona<\/h4>\n\n\n\n<p class=\"wp-block-paragraph\" style=\"font-size:15px\">Miguel Cano va impartir un any m\u00e9s el curs de valoraci\u00f3 i abordatge dels trastorns temporomandibulars als dentistes del m\u00e0ster de la Universitat de Barcelona.<\/p>\n\n\n\n<p class=\"has-text-align-center wp-block-paragraph\"><a href=\"https:\/\/www.linkedin.com\/posts\/umanresa-fundacio-universitaria-del-bages_migranya-recerca-activity-7257005445167337472-EopL?utm_source=share&amp;utm_medium=member_desktop\" data-type=\"link\" data-id=\"https:\/\/www.linkedin.com\/posts\/umanresa-fundacio-universitaria-del-bages_migranya-recerca-activity-7257005445167337472-EopL?utm_source=share&amp;utm_medium=member_desktop\" target=\"_blank\" rel=\"noopener\">Informaci\u00f3 del m\u00e0ster<\/a><\/p>\n<\/div>\n<\/div>\n\n\n\n<h2 class=\"wp-block-heading\">Cursos de formaci\u00f3 especialitzada<\/h2>\n\n\n\n<div class=\"wp-block-columns is-layout-flex wp-container-core-columns-is-layout-8f761849 wp-block-columns-is-layout-flex\">\n<div class=\"wp-block-column is-layout-flow wp-block-column-is-layout-flow\">\n<figure class=\"wp-block-image size-large\"><img loading=\"lazy\" decoding=\"async\" width=\"1024\" height=\"349\" src=\"https:\/\/www.fisiocraneo.com\/wp-content\/uploads\/2024\/11\/postgrau-fisioterapia-cranimandibular-cervical-vestibular-2-1024x349.jpg\" alt=\"\" class=\"wp-image-3025\" srcset=\"https:\/\/www.fisiocraneo.com\/wp-content\/uploads\/2024\/11\/postgrau-fisioterapia-cranimandibular-cervical-vestibular-2-1024x349.jpg 1024w, https:\/\/www.fisiocraneo.com\/wp-content\/uploads\/2024\/11\/postgrau-fisioterapia-cranimandibular-cervical-vestibular-2-300x102.jpg 300w, https:\/\/www.fisiocraneo.com\/wp-content\/uploads\/2024\/11\/postgrau-fisioterapia-cranimandibular-cervical-vestibular-2-768x262.jpg 768w, https:\/\/www.fisiocraneo.com\/wp-content\/uploads\/2024\/11\/postgrau-fisioterapia-cranimandibular-cervical-vestibular-2.jpg 1312w\" sizes=\"auto, (max-width: 1024px) 100vw, 1024px\" \/><\/figure>\n<\/div>\n\n\n\n<div class=\"wp-block-column is-layout-flow wp-block-column-is-layout-flow\">\n<h4 class=\"wp-block-heading has-accent-hover-color has-text-color has-link-color wp-elements-4\">Postgrau en cefalees, trastorns temporomandibulars i s\u00edndromes vestibulars<\/h4>\n\n\n\n<p class=\"wp-block-paragraph\">30 ECTS &#8211; Modalitat Semipresencial<br\/>2025\/26 &#8211; Universitat de Manresa<br\/><strong><a href=\"https:\/\/www.umanresa.cat\/index.php\/es\/estudios\/posgrados\/posgrado-fisioterapia-cefaleas-trastornos-temporomandibulares-y-sindromes-vestibulares\" target=\"_blank\" rel=\"noreferrer noopener\">+ info<\/a><\/strong><\/p>\n<\/div>\n<\/div>\n\n\n\n<div class=\"wp-block-columns is-layout-flex wp-container-core-columns-is-layout-8f761849 wp-block-columns-is-layout-flex\">\n<div class=\"wp-block-column is-layout-flow wp-block-column-is-layout-flow\">\n<figure class=\"wp-block-image size-full\"><img loading=\"lazy\" decoding=\"async\" width=\"528\" height=\"238\" src=\"https:\/\/www.fisiocraneo.com\/wp-content\/uploads\/2024\/11\/Captura-de-pantalla-2024-11-10-a-las-19.16.33-1.png\" alt=\"\" class=\"wp-image-3026\" srcset=\"https:\/\/www.fisiocraneo.com\/wp-content\/uploads\/2024\/11\/Captura-de-pantalla-2024-11-10-a-las-19.16.33-1.png 528w, https:\/\/www.fisiocraneo.com\/wp-content\/uploads\/2024\/11\/Captura-de-pantalla-2024-11-10-a-las-19.16.33-1-300x135.png 300w\" sizes=\"auto, (max-width: 528px) 100vw, 528px\" \/><\/figure>\n<\/div>\n\n\n\n<div class=\"wp-block-column is-layout-flow wp-block-column-is-layout-flow\">\n<h4 class=\"wp-block-heading has-accent-hover-color has-text-color has-link-color wp-elements-5\">Postgrau d&#8217;expert universitari: Fisioter\u00e0pia dels trastorns temporomandibulars i els trastorns del son<\/h4>\n\n\n\n<p class=\"wp-block-paragraph\">15 ECTS &#8211; Modalitat Presencial<br\/>2025\/26 &#8211; Fisiofocus (Madrid)<br\/><strong><a href=\"https:\/\/www.fisiofocus.com\/es\/postgrado\/fisioterapia-trastornos-temporomandibulares-madrid\/\" target=\"_blank\" rel=\"noreferrer noopener\">+ info<\/a><\/strong><\/p>\n<\/div>\n<\/div>\n\n<\/div><\/div><\/div>\n<\/div>\n<\/div><\/div>\n<\/div>\n<h2 class=\"wp-block-heading\">Si t&#8217;ho vas perdre<\/h2>\n<div class=\"gb-grid-wrapper gb-grid-wrapper-724e8cae\">\n<div class=\"gb-grid-column gb-grid-column-47c1764c\"><div class=\"gb-container gb-container-47c1764c\">\n<div class=\"wp-block-image\">\n<figure class=\"aligncenter size-large is-resized\"><img loading=\"lazy\" decoding=\"async\" width=\"768\" height=\"1024\" src=\"https:\/\/www.fisiocraneo.com\/wp-content\/uploads\/2025\/11\/WhatsApp-Image-2025-11-23-at-18.13.40-1-768x1024.jpeg\" alt=\"\" class=\"wp-image-3152\" style=\"width:188px;height:auto\" srcset=\"https:\/\/www.fisiocraneo.com\/wp-content\/uploads\/2025\/11\/WhatsApp-Image-2025-11-23-at-18.13.40-1-768x1024.jpeg 768w, https:\/\/www.fisiocraneo.com\/wp-content\/uploads\/2025\/11\/WhatsApp-Image-2025-11-23-at-18.13.40-1-225x300.jpeg 225w, https:\/\/www.fisiocraneo.com\/wp-content\/uploads\/2025\/11\/WhatsApp-Image-2025-11-23-at-18.13.40-1-1152x1536.jpeg 1152w, https:\/\/www.fisiocraneo.com\/wp-content\/uploads\/2025\/11\/WhatsApp-Image-2025-11-23-at-18.13.40-1.jpeg 1200w\" sizes=\"auto, (max-width: 768px) 100vw, 768px\" \/><\/figure>\n<\/div>\n\n\n<h4 class=\"wp-block-heading has-text-align-center has-accent-2-color has-text-color has-link-color wp-elements-6\">Jornada de fisioter\u00e0pia de la Catalunya central: Entrenament d\u00b4alta intensitat<\/h4>\n\n\n\n<p class=\"has-text-align-center wp-block-paragraph\" style=\"font-size:15px\">Participaci\u00f3 de Jordi Padr\u00f3s amb la pon\u00e8ncia: Entrenament en pacients amb migranyes\/cefalees.<\/p>\n\n<\/div><\/div>\n\n<div class=\"gb-grid-column gb-grid-column-4716accc\"><div class=\"gb-container gb-container-4716accc\">\n<div class=\"wp-block-image\">\n<figure class=\"aligncenter size-large is-resized\"><img loading=\"lazy\" decoding=\"async\" width=\"737\" height=\"982\" src=\"https:\/\/www.fisiocraneo.com\/wp-content\/uploads\/2025\/11\/WhatsApp-Image-2025-11-23-at-17.42.02-edited.jpeg\" alt=\"\" class=\"wp-image-3154\" style=\"width:188px;height:auto\" srcset=\"https:\/\/www.fisiocraneo.com\/wp-content\/uploads\/2025\/11\/WhatsApp-Image-2025-11-23-at-17.42.02-edited.jpeg 737w, https:\/\/www.fisiocraneo.com\/wp-content\/uploads\/2025\/11\/WhatsApp-Image-2025-11-23-at-17.42.02-edited-225x300.jpeg 225w\" sizes=\"auto, (max-width: 737px) 100vw, 737px\" \/><\/figure>\n<\/div>\n\n\n<h4 class=\"wp-block-heading has-text-align-center has-accent-2-color has-text-color has-link-color wp-elements-7\">Curs de Fisioter\u00e0pia aplicada a la Par\u00e0lisi Facial Perif\u00e8rica<\/h4>\n\n\n\n<p class=\"has-text-align-center wp-block-paragraph\" style=\"font-size:15px\">L&#8217;equip de Fisiocraneo juntament amb Laia Sall\u00e9s van organitzar el primer curs d&#8217;abordatge de la par\u00e0lisi facial perif\u00e8rica a la Universitat de Manresa.<\/p>\n\n<\/div><\/div>\n\n<div class=\"gb-grid-column gb-grid-column-8f368f2f\"><div class=\"gb-container gb-container-8f368f2f\">\n<div class=\"wp-block-image\">\n<figure class=\"aligncenter size-large is-resized\"><img loading=\"lazy\" decoding=\"async\" width=\"1024\" height=\"768\" src=\"https:\/\/www.fisiocraneo.com\/wp-content\/uploads\/2025\/11\/WhatsApp-Image-2025-11-23-at-17.37.30-2-1024x768.jpeg\" alt=\"\" class=\"wp-image-3157\" style=\"width:337px;height:auto\" srcset=\"https:\/\/www.fisiocraneo.com\/wp-content\/uploads\/2025\/11\/WhatsApp-Image-2025-11-23-at-17.37.30-2-1024x768.jpeg 1024w, https:\/\/www.fisiocraneo.com\/wp-content\/uploads\/2025\/11\/WhatsApp-Image-2025-11-23-at-17.37.30-2-300x225.jpeg 300w, https:\/\/www.fisiocraneo.com\/wp-content\/uploads\/2025\/11\/WhatsApp-Image-2025-11-23-at-17.37.30-2-768x576.jpeg 768w, https:\/\/www.fisiocraneo.com\/wp-content\/uploads\/2025\/11\/WhatsApp-Image-2025-11-23-at-17.37.30-2-1536x1152.jpeg 1536w, https:\/\/www.fisiocraneo.com\/wp-content\/uploads\/2025\/11\/WhatsApp-Image-2025-11-23-at-17.37.30-2.jpeg 1600w\" sizes=\"auto, (max-width: 1024px) 100vw, 1024px\" \/><\/figure>\n<\/div>\n\n\n<h4 class=\"wp-block-heading has-text-align-center has-accent-2-color has-text-color has-link-color wp-elements-8\">Meet &amp; Science &#8211; Encaixant la fisioter\u00e0pia a la migranya<\/h4>\n\n\n\n<p class=\"has-text-align-center wp-block-paragraph\" style=\"font-size:15px\">\u00c8xit de participaci\u00f3 al Meet &amp; Science organitzat des del col\u00b7legi de Fisioterapeutes de Catalunya tant a Barcelona com a Girona.<\/p>\n\n<\/div><\/div>\n<\/div><div class=\"gb-grid-wrapper gb-grid-wrapper-10a0d28b\">\n<div class=\"gb-grid-column gb-grid-column-0556184f\"><div class=\"gb-container gb-container-0556184f\">\n<div class=\"wp-block-image\">\n<figure class=\"aligncenter size-large is-resized\"><img loading=\"lazy\" decoding=\"async\" width=\"1024\" height=\"768\" src=\"https:\/\/www.fisiocraneo.com\/wp-content\/uploads\/2025\/02\/image-1-1024x768.png\" alt=\"\" class=\"wp-image-3118\" style=\"width:296px;height:auto\" srcset=\"https:\/\/www.fisiocraneo.com\/wp-content\/uploads\/2025\/02\/image-1-1024x768.png 1024w, https:\/\/www.fisiocraneo.com\/wp-content\/uploads\/2025\/02\/image-1-300x225.png 300w, https:\/\/www.fisiocraneo.com\/wp-content\/uploads\/2025\/02\/image-1-768x576.png 768w, https:\/\/www.fisiocraneo.com\/wp-content\/uploads\/2025\/02\/image-1-1536x1152.png 1536w, https:\/\/www.fisiocraneo.com\/wp-content\/uploads\/2025\/02\/image-1.png 2000w\" sizes=\"auto, (max-width: 1024px) 100vw, 1024px\" \/><\/figure>\n<\/div>\n\n\n<h4 class=\"wp-block-heading has-text-align-center has-accent-2-color has-text-color has-link-color wp-elements-9\">CRAFTS assistant teacher training<\/h4>\n\n\n\n<p class=\"wp-block-paragraph\" style=\"font-size:15px\">Reuni\u00f3 anual de <em>CRAFTA\u00ae education program<\/em> a Edimburg. Pon\u00e8ncia de Miguel Cano:<br\/><em>Valoraci\u00f3 dels moviments accessoris de l\u201fATM.<\/em><\/p>\n\n<\/div><\/div>\n\n<div class=\"gb-grid-column gb-grid-column-e4ecb80d\"><div class=\"gb-container gb-container-e4ecb80d\">\n<div class=\"wp-block-image\">\n<figure class=\"aligncenter size-full is-resized\"><img loading=\"lazy\" decoding=\"async\" width=\"228\" height=\"200\" src=\"https:\/\/www.fisiocraneo.com\/wp-content\/uploads\/2024\/11\/es.png\" alt=\"\" class=\"wp-image-3022\" style=\"width:251px;height:auto\"\/><\/figure>\n<\/div>\n\n\n<h4 class=\"wp-block-heading has-text-align-center has-accent-2-color has-text-color has-link-color wp-elements-10\">III Congr\u00e9s Internacional de Fisioter\u00e0pia #FTP24<\/h4>\n\n\n\n<p class=\"wp-block-paragraph\" style=\"font-size:15px\">Pon\u00e8ncia de Jordi Padr\u00f3s:<br\/><em>Recomanacions d&#8217;exercici a les cefalees prim\u00e0ries: modalitats terap\u00e8utiques i adequaci\u00f3 segons mecanismes centrals i perif\u00e8rics<\/em><\/p>\n\n<\/div><\/div>\n\n<div class=\"gb-grid-column gb-grid-column-84262482\"><div class=\"gb-container gb-container-84262482\">\n<div class=\"wp-block-image\">\n<figure class=\"aligncenter size-full is-resized\"><img loading=\"lazy\" decoding=\"async\" width=\"1024\" height=\"683\" src=\"https:\/\/www.fisiocraneo.com\/wp-content\/uploads\/2025\/02\/image.png\" alt=\"\" class=\"wp-image-3116\" style=\"width:342px;height:auto\" srcset=\"https:\/\/www.fisiocraneo.com\/wp-content\/uploads\/2025\/02\/image.png 1024w, https:\/\/www.fisiocraneo.com\/wp-content\/uploads\/2025\/02\/image-300x200.png 300w, https:\/\/www.fisiocraneo.com\/wp-content\/uploads\/2025\/02\/image-768x512.png 768w\" sizes=\"auto, (max-width: 1024px) 100vw, 1024px\" \/><\/figure>\n<\/div>\n\n\n<h4 class=\"wp-block-heading has-text-align-center has-accent-2-color has-text-color has-link-color wp-elements-11\">XIII Jornada: La Migranya a Catalunya<\/h4>\n\n\n\n<p class=\"wp-block-paragraph\" style=\"font-size:15px\">Jordi Padr\u00f3s va participar en una jornada multidisciplin\u00e0ria sobre migranya en qu\u00e8 va divulgar els efectes de l&#8217;exercici com a pota fonamental del tractament no famracol\u00f2gic a la migranya<\/p>\n\n<\/div><\/div>\n<\/div>","protected":false},"excerpt":{"rendered":"<p>Si t&#8217;ho vas perdre<\/p>\n","protected":false},"author":2,"featured_media":0,"parent":0,"menu_order":0,"comment_status":"closed","ping_status":"closed","template":"","meta":{"footnotes":""},"class_list":["post-3496","page","type-page","status-publish"],"_links":{"self":[{"href":"https:\/\/www.fisiocraneo.com\/ca\/wp-json\/wp\/v2\/pages\/3496","targetHints":{"allow":["GET"]}}],"collection":[{"href":"https:\/\/www.fisiocraneo.com\/ca\/wp-json\/wp\/v2\/pages"}],"about":[{"href":"https:\/\/www.fisiocraneo.com\/ca\/wp-json\/wp\/v2\/types\/page"}],"author":[{"embeddable":true,"href":"https:\/\/www.fisiocraneo.com\/ca\/wp-json\/wp\/v2\/users\/2"}],"replies":[{"embeddable":true,"href":"https:\/\/www.fisiocraneo.com\/ca\/wp-json\/wp\/v2\/comments?post=3496"}],"version-history":[{"count":1,"href":"https:\/\/www.fisiocraneo.com\/ca\/wp-json\/wp\/v2\/pages\/3496\/revisions"}],"predecessor-version":[{"id":3509,"href":"https:\/\/www.fisiocraneo.com\/ca\/wp-json\/wp\/v2\/pages\/3496\/revisions\/3509"}],"wp:attachment":[{"href":"https:\/\/www.fisiocraneo.com\/ca\/wp-json\/wp\/v2\/media?parent=3496"}],"curies":[{"name":"wp","href":"https:\/\/api.w.org\/{rel}","templated":true}]}}