{"id":3603,"date":"2022-06-10T13:33:23","date_gmt":"2022-06-10T11:33:23","guid":{"rendered":"https:\/\/www.fisiocraneo.com\/metode-fisiocraneo"},"modified":"2026-07-14T19:19:06","modified_gmt":"2026-07-14T17:19:06","slug":"metode-fisiocraneo","status":"publish","type":"page","link":"https:\/\/www.fisiocraneo.com\/ca\/metode-fisiocraneo","title":{"rendered":"M\u00e8tode FisioCraneo"},"content":{"rendered":"<div class=\"gb-container gb-container-aed942d4\"><div class=\"gb-inside-container\">\n<div class=\"gb-grid-wrapper gb-grid-wrapper-4e3d6dc6\">\n<div class=\"gb-grid-column gb-grid-column-b29d8c10\"><div class=\"gb-container gb-container-b29d8c10\"><div class=\"gb-inside-container\">\n\n<h2 class=\"has-text-align-center has-accent-2-color has-text-color wp-block-heading\">Vols saber com treballem? <\/h2>\n\n\n\n<p class=\"wp-block-paragraph\">En una primera consulta, intentarem respondre a 4 preguntes que habitualment tots els pacients es fan. Sent conscients que no tots els pacients volen la mateixa quantitat d&#8217;informaci\u00f3, donarem tanta import\u00e0ncia a les respostes de cada pregunta com cada pacient requereixi. <\/p>\n\n\n\n<p class=\"wp-block-paragraph\">Apliquem tractaments basats en l&#8217;evid\u00e8ncia. Aix\u00f2 significa que apliquem aquells tractaments que obtenen els millors resultats amb la menor despesa de recursos (temps, diners, materials, etc.), \u00e9s a dir, cost-efectius. Combinats amb la nostra experi\u00e8ncia cl\u00ednica i tenint en compte els teus valors i prefer\u00e8ncies.  <\/p>\n\n\n\n<p class=\"wp-block-paragraph\">Considerem innegociable que la nostra manera de treballar es basi en una ter\u00e0pia segura i efica\u00e7, que la puguis escollir de manera informada i lliure, no imposada. Per aix\u00f2 la nostra relaci\u00f3 ha de ser de col\u00b7laboraci\u00f3 i el rol del professional ha de ser d&#8217;acompanyament, no creiem en una relaci\u00f3 de jerarquia. Aix\u00f2 nom\u00e9s pot succeir si t&#8217;escoltem i et respectem com a persona. Si tens un problema en qu\u00e8 som especialistes i t&#8217;encaixa el nostre m\u00e8tode: Comencem?   <\/p>\n\n<\/div><\/div><\/div>\n<\/div>\n<\/div><\/div><div class=\"gb-container gb-container-bd3c06a1\"><div class=\"gb-inside-container\">\n\n<p class=\"gb-headline gb-headline-9f4b4591\"><span class=\"gb-icon\"><svg viewbox=\"0 0 36.7 3\"><path d=\"M0 0h36.7v3H0z\"><\/path><\/svg><\/span><span class=\"gb-headline-text\">Preguntes que volem resoldre:<\/span><\/p>\n\n\n<div class=\"gb-grid-wrapper gb-grid-wrapper-121191a5\">\n<div class=\"gb-grid-column gb-grid-column-6efe09e1\"><div class=\"gb-container gb-container-6efe09e1 drop-shadow\"><div class=\"gb-inside-container\">\n\n<h3 class=\"gb-headline gb-headline-6353abdc gb-headline-text\"><strong>Qu\u00e8 em passa?<\/strong><\/h3>\n\n\n\n<p class=\"wp-block-paragraph\">\u00c9s l&#8217;equivalent al diagn\u00f2stic, \u00e9s a dir, quina \u00e9s la patologia o el problema principal. Identificar qu\u00e8 \u00e9s el que succeeix al cos, des del punt de vista m\u00e9s org\u00e0nic. Quin teixit est\u00e0 danyat, qu\u00e8 funciona malament, per qu\u00e8 ha succe\u00eft, com afecta la teva vida di\u00e0ria, etc.  <\/p>\n\n\n\n<h3 class=\"gb-headline gb-headline-2a9e4de2 gb-headline-text\"><strong><strong>Durant quant de temps estar\u00e9 aix\u00ed<\/strong>?<\/strong><\/h3>\n\n\n\n<p class=\"wp-block-paragraph\">Es refereix al pron\u00f2stic, quant de temps durar\u00e0 el problema, si es resoldr\u00e0 completament o si hi haur\u00e0 seq\u00fceles, quan es podr\u00e0 recuperar cada activitat, ja sigui oci, activitats di\u00e0ries b\u00e0siques o feina.<\/p>\n\n\n\n<h3 class=\"gb-headline gb-headline-ef7d1264 gb-headline-text\"><strong><strong><strong>Qu\u00e8 pots fer tu per tu mateix<\/strong><\/strong>?<\/strong><\/h3>\n\n\n\n<p class=\"wp-block-paragraph\">Quines estrat\u00e8gies pots dur a terme perqu\u00e8 se solucioni el problema, per disminuir-ne els efectes o per controlar-lo millor. Qu\u00e8 et pot ajudar i qu\u00e8 pot dificultar la recuperaci\u00f3, com ho pots gestionar per tu mateix. Aquesta \u00e9s una part important del tractament, de vegades, l&#8217;\u00fanica important.  <\/p>\n\n\n\n<h3 class=\"gb-headline gb-headline-c4c07314 gb-headline-text\"><strong><strong><strong><strong>Qu\u00e8 puc fer jo com a fisioterapeuta<\/strong><\/strong><\/strong>?<\/strong><\/h3>\n\n\n\n<p class=\"wp-block-paragraph\">Es refereix al tractament a la consulta, a les t\u00e8cniques o procediments que realitzarem a la consulta per tractar-te. Inclou ter\u00e0pia manual i exercici terap\u00e8utic, a m\u00e9s de tota la informaci\u00f3 que se t&#8217;ofereix. <\/p>\n\n<\/div><\/div><\/div>\n<\/div>\n\n\n<p class=\"gb-headline gb-headline-b1580a88\"><span class=\"gb-icon\"><svg viewbox=\"0 0 36.7 3\"><path d=\"M0 0h36.7v3H0z\"><\/path><\/svg><\/span><span class=\"gb-headline-text\">Identitat de la nostra pr\u00e0ctica cl\u00ednica<\/span><\/p>\n\n\n<div class=\"gb-grid-wrapper gb-grid-wrapper-0f3ede4a\">\n<div class=\"gb-grid-column gb-grid-column-896e894f\"><div class=\"gb-container gb-container-896e894f drop-shadow\"><div class=\"gb-inside-container\">\n\n<h3 class=\"gb-headline gb-headline-ca4ba21f gb-headline-text\"><strong><strong>INFORMACI\u00d3<\/strong><\/strong><\/h3>\n\n\n\n<p class=\"wp-block-paragraph\">Volem que prenguis decisions informades sobre el tractament. Si far\u00e0s un programa de tractament volem que el coneguis pr\u00e8viament. Que s\u00e0pigues quins efectes i beneficis t\u00e9, aix\u00ed com els seus condicionants (temps de dedicaci\u00f3, material necessari, etc.).  <\/p>\n\n\n\n<h3 class=\"gb-headline gb-headline-0aed430d gb-headline-text\"><strong><strong>SEGURETAT<\/strong><\/strong><\/h3>\n\n\n\n<p class=\"wp-block-paragraph\">El dolor o altres s\u00edmptomes poden emmascarar un problema m\u00e9s greu. Si en tenim sospites et derivarem abans de tractar-te. Al mateix temps, totes les t\u00e8cniques que utilitzarem per al tractament no tenen efectes adversos.  <\/p>\n\n\n\n<h3 class=\"gb-headline gb-headline-48b48c70 gb-headline-text\"><strong><strong>RESPECTE<\/strong><\/strong><\/h3>\n\n\n\n<p class=\"wp-block-paragraph\">Les teves prefer\u00e8ncies i valors van per davant. No realitzarem cap tractament que no vulguis fer. Sent-te lliure de decidir sobre el tractament que m\u00e9s et convingui. No volem persuadir-te ni vendre&#8217;t res, volem el mateix que tu, que et recuperis.   <\/p>\n\n\n\n<h3 class=\"gb-headline gb-headline-4472b3ef gb-headline-text\"><strong><strong>ESCOLTA<\/strong><\/strong><\/h3>\n\n\n\n<p class=\"wp-block-paragraph\">La teva hist\u00f2ria ens importa. En la primera visita, a m\u00e9s del teu relat, et farem moltes preguntes, perqu\u00e8 volem con\u00e8ixer-te a tu a m\u00e9s de con\u00e8ixer el teu cas, ja que totes dues coses van de la m\u00e0. Saber quines activitats vols recuperar, qu\u00e8 \u00e9s i qu\u00e8 no \u00e9s prioritari per a tu.  <\/p>\n\n\n\n<h3 class=\"gb-headline gb-headline-13d80f8a gb-headline-text\"><strong><strong><strong>EXCEL\u00b7L\u00c8NCIA<\/strong><\/strong><\/strong><\/h3>\n\n\n\n<p class=\"wp-block-paragraph\">Portem anys de formaci\u00f3 cont\u00ednua i d&#8217;actualitzaci\u00f3 dels procediments que apliquem, perqu\u00e8 et mereixes que se t&#8217;apliqui el millor tractament disponible de la millor manera possible.<\/p>\n\n\n\n<h3 class=\"gb-headline gb-headline-42c2351a gb-headline-text\"><strong><strong><strong>COL\u00b7LABORACI\u00d3<\/strong><\/strong><\/strong><\/h3>\n\n\n\n<p class=\"wp-block-paragraph\">Els problemes se solucionen millor si tots dos (pacient i terapeuta) treballem junts, cadasc\u00fa en el seu paper.<\/p>\n\n\n\n<h3 class=\"gb-headline gb-headline-91706547 gb-headline-text\"><strong><strong><strong>OBJECTIUS<\/strong><\/strong><\/strong><\/h3>\n\n\n\n<p class=\"wp-block-paragraph\">Es consensuen el primer dia a partir de disposar de la informaci\u00f3 sobre el teu cas i d&#8217;informar-te sobre l&#8217;efic\u00e0cia i les opcions del tractament. Per evitar frustracions, aproximem les expectatives de recuperaci\u00f3 a les possibilitats del tractament. Serem realistes.<br\/>  <\/p>\n\n\n\n<h3 class=\"gb-headline gb-headline-e3540c84 gb-headline-text\"><strong><strong><strong>ACOMPANYAMENT<\/strong><\/strong><\/strong><\/h3>\n\n\n\n<p class=\"wp-block-paragraph\">El nostre rol com a terapeuta ser\u00e0 el de guia, assessor i, l\u00f2gicament, aplicarem els tractaments oportuns pr\u00e8viament acordats, per\u00f2 l&#8217;objectiu \u00e9s ajudar-te perqu\u00e8 recorreguis el teu cam\u00ed cap a la recuperaci\u00f3. Sabem que els pacients que participen activament en la seva recuperaci\u00f3 es recuperen abans, millor i afronten per si sols i amb \u00e8xit les possibles recaigudes. <\/p>\n\n<\/div><\/div><\/div>\n<\/div>\n<\/div><div class=\"gb-shapes\"><div class=\"gb-shape gb-shape-1\"><svg xmlns=\"http:\/\/www.w3.org\/2000\/svg\" viewBox=\"0 0 1200 100\" preserveAspectRatio=\"none\"><path d=\"M1200 100H0V0l400 77.2L1200 0z\"\/><\/svg><\/div><\/div><\/div>\n<h2 class=\"gb-headline gb-headline-943da834 gb-headline-text\">Truca&#8217;ns sense comprom\u00eds, <\/h2>\n\n<h2 class=\"gb-headline gb-headline-4b808831 gb-headline-text\">t&#8217;ajudarem<\/h2>\n<p class='wp-call-button-block-button wp-call-button-block-button-center'><a class='wp-call-button-in-btn' href='tel:+34647115906' style='background-color:#1c3d75' ><svg x=\"0px\" y=\"0px\" width=\"459px\" height=\"459px\" viewBox=\"0 0 459 459\">\r\n\t\t\t\t<path\r\n\t\t\t\t\td=\"M91.8,198.9c35.7,71.4,96.9,130.05,168.3,168.3L316.2,311.1c7.649-7.649,17.85-10.199,25.5-5.1c28.05,10.2,58.649,15.3,91.8,15.3c15.3,0,25.5,10.2,25.5,25.5v86.7c0,15.3-10.2,25.5-25.5,25.5C193.8,459,0,265.2,0,25.5C0,10.2,10.2,0,25.5,0h89.25c15.3,0,25.5,10.2,25.5,25.5c0,30.6,5.1,61.2,15.3,91.8c2.55,7.65,0,17.85-5.1,25.5L91.8,198.9z\"\r\n\t\t\t\t\/>\r\n\t\t\t<\/svg> Pide Cita<\/a><\/p>","protected":false},"excerpt":{"rendered":"<p>Preguntes que volem resoldre: Identitat de la nostra pr\u00e0ctica cl\u00ednica Truca&#8217;ns sense comprom\u00eds, t&#8217;ajudarem<\/p>\n","protected":false},"author":1,"featured_media":0,"parent":0,"menu_order":0,"comment_status":"closed","ping_status":"closed","template":"","meta":{"footnotes":""},"class_list":["post-3603","page","type-page","status-publish"],"_links":{"self":[{"href":"https:\/\/www.fisiocraneo.com\/ca\/wp-json\/wp\/v2\/pages\/3603","targetHints":{"allow":["GET"]}}],"collection":[{"href":"https:\/\/www.fisiocraneo.com\/ca\/wp-json\/wp\/v2\/pages"}],"about":[{"href":"https:\/\/www.fisiocraneo.com\/ca\/wp-json\/wp\/v2\/types\/page"}],"author":[{"embeddable":true,"href":"https:\/\/www.fisiocraneo.com\/ca\/wp-json\/wp\/v2\/users\/1"}],"replies":[{"embeddable":true,"href":"https:\/\/www.fisiocraneo.com\/ca\/wp-json\/wp\/v2\/comments?post=3603"}],"version-history":[{"count":2,"href":"https:\/\/www.fisiocraneo.com\/ca\/wp-json\/wp\/v2\/pages\/3603\/revisions"}],"predecessor-version":[{"id":3605,"href":"https:\/\/www.fisiocraneo.com\/ca\/wp-json\/wp\/v2\/pages\/3603\/revisions\/3605"}],"wp:attachment":[{"href":"https:\/\/www.fisiocraneo.com\/ca\/wp-json\/wp\/v2\/media?parent=3603"}],"curies":[{"name":"wp","href":"https:\/\/api.w.org\/{rel}","templated":true}]}}