{"id":3730,"date":"2022-08-31T17:26:16","date_gmt":"2022-08-31T15:26:16","guid":{"rendered":"https:\/\/www.fisiocraneo.com\/training-for-healthcare-professionals"},"modified":"2026-07-15T19:18:25","modified_gmt":"2026-07-15T17:18:25","slug":"training-for-healthcare-professionals","status":"publish","type":"page","link":"https:\/\/www.fisiocraneo.com\/en\/training-for-healthcare-professionals","title":{"rendered":"Training for Healthcare Professionals"},"content":{"rendered":"<div class=\"gb-container gb-container-f6d88e91\">\n<div class=\"gb-container gb-container-aed942d4\"><div class=\"gb-inside-container\">\n<div class=\"gb-grid-wrapper gb-grid-wrapper-4e3d6dc6\">\n<div class=\"gb-grid-column gb-grid-column-b29d8c10\"><div class=\"gb-container gb-container-b29d8c10\"><div class=\"gb-inside-container\">\n<div class=\"gb-container gb-container-297af89f\"><div class=\"gb-inside-container\">\n\n<div class=\"wp-block-columns is-layout-flex wp-container-core-columns-is-layout-8f761849 wp-block-columns-is-layout-flex\">\n<div class=\"wp-block-column is-layout-flow wp-block-column-is-layout-flow\" style=\"flex-basis:33.33%\"><\/div>\n\n\n\n<div class=\"wp-block-column is-layout-flow wp-block-column-is-layout-flow\" style=\"flex-basis:66.66%\">\n<p class=\"wp-block-paragraph\">FisioCraneo actively participates in the training of physiotherapists in the fields of temporomandibular disorders, headaches, migraine, sleep disorders, and other conditions affecting the craniofacial region.<\/p>\n\n\n\n<p class=\"wp-block-paragraph\">If you are interested in training in this field, check out the upcoming courses and events in which we participate.<\/p>\n\n\n\n<p class=\"wp-block-paragraph\">We are committed to sharing knowledge, which is why part of our work is dedicated to research, continuous professional development, and disseminating the latest advances in physiotherapy in this field.<\/p>\n<\/div>\n<\/div>\n\n<\/div><\/div>\n\n\n<h2 class=\"wp-block-heading\">What you can&#8217;t miss<\/h2>\n\n\n\n<div class=\"wp-block-columns is-layout-flex wp-container-core-columns-is-layout-8f761849 wp-block-columns-is-layout-flex\">\n<div class=\"wp-block-column is-layout-flow wp-block-column-is-layout-flow\">\n<p class=\"has-text-align-center wp-block-paragraph\"><strong>COMING SOON<\/strong><\/p>\n\n\n<div class=\"wp-block-image\">\n<figure class=\"aligncenter size-large\"><img loading=\"lazy\" decoding=\"async\" width=\"1024\" height=\"768\" src=\"https:\/\/www.fisiocraneo.com\/wp-content\/uploads\/2025\/11\/image-1024x768.png\" alt=\"\" class=\"wp-image-3148\" srcset=\"https:\/\/www.fisiocraneo.com\/wp-content\/uploads\/2025\/11\/image-1024x768.png 1024w, https:\/\/www.fisiocraneo.com\/wp-content\/uploads\/2025\/11\/image-300x225.png 300w, https:\/\/www.fisiocraneo.com\/wp-content\/uploads\/2025\/11\/image-768x576.png 768w, https:\/\/www.fisiocraneo.com\/wp-content\/uploads\/2025\/11\/image-1536x1152.png 1536w, https:\/\/www.fisiocraneo.com\/wp-content\/uploads\/2025\/11\/image.png 1600w\" sizes=\"auto, (max-width: 1024px) 100vw, 1024px\" \/><\/figure>\n<\/div>\n\n\n<p class=\"has-text-align-center wp-block-paragraph\"><em>Academic Year 2025\u20132026<\/em><\/p>\n\n\n\n<h4 class=\"wp-block-heading has-text-align-left has-accent-2-color has-text-color has-link-color wp-elements-1\">2nd Edition of the Postgraduate Program in Headaches, Temporomandibular Disorders, and Vestibular Syndromes<\/h4>\n\n\n\n<p class=\"wp-block-paragraph\" style=\"font-size:15px\">During the 2025\u20132026 academic year, the second edition of this postgraduate program will be delivered, with members of the FisioCraneo team participating as lecturers.<\/p>\n\n\n\n<p class=\"has-text-align-center wp-block-paragraph\"><a href=\"https:\/\/www.umanresa.cat\/index.php\/es\/estudios\/posgrados\/posgrado-fisioterapia-cefaleas-trastornos-temporomandibulares-y-sindromes-vestibulares\" target=\"_blank\" rel=\"noopener\">+ More Information<\/a><\/p>\n<\/div>\n\n\n\n<div class=\"wp-block-column is-layout-flow wp-block-column-is-layout-flow\">\n<p class=\"has-text-align-center wp-block-paragraph\"><strong>LATEST NEWS<\/strong><\/p>\n\n\n\n<figure class=\"wp-block-image size-full\"><img loading=\"lazy\" decoding=\"async\" width=\"1548\" height=\"1066\" src=\"https:\/\/www.fisiocraneo.com\/wp-content\/uploads\/2025\/11\/Captura-de-pantalla-2025-11-23-a-las-11.04.24.png\" alt=\"\" class=\"wp-image-3144\" srcset=\"https:\/\/www.fisiocraneo.com\/wp-content\/uploads\/2025\/11\/Captura-de-pantalla-2025-11-23-a-las-11.04.24.png 1548w, https:\/\/www.fisiocraneo.com\/wp-content\/uploads\/2025\/11\/Captura-de-pantalla-2025-11-23-a-las-11.04.24-300x207.png 300w, https:\/\/www.fisiocraneo.com\/wp-content\/uploads\/2025\/11\/Captura-de-pantalla-2025-11-23-a-las-11.04.24-1024x705.png 1024w, https:\/\/www.fisiocraneo.com\/wp-content\/uploads\/2025\/11\/Captura-de-pantalla-2025-11-23-a-las-11.04.24-768x529.png 768w, https:\/\/www.fisiocraneo.com\/wp-content\/uploads\/2025\/11\/Captura-de-pantalla-2025-11-23-a-las-11.04.24-1536x1058.png 1536w\" sizes=\"auto, (max-width: 1548px) 100vw, 1548px\" \/><\/figure>\n\n\n\n<p class=\"has-text-align-center wp-block-paragraph\"><em><em>November 2025<\/em><\/em><\/p>\n\n\n\n<h4 class=\"wp-block-heading has-text-align-left has-accent-2-color has-text-color has-link-color wp-elements-2\">New article published on active interventions for sleep apnea<\/h4>\n\n\n\n<p class=\"wp-block-paragraph\" style=\"font-size:15px\">A new <em>umbrella review<\/em> has been published by Jordi Padr\u00f3s and Arnau Cerd\u00e0, providing updated evidence on active interventions for sleep apnea.<\/p>\n\n\n\n<p class=\"has-text-align-center wp-block-paragraph\"><a href=\"https:\/\/www.sciencedirect.com\/science\/article\/pii\/S1389945725023408\" target=\"_blank\" rel=\"noopener\">Read the article<\/a><\/p>\n<\/div>\n\n\n\n<div class=\"wp-block-column is-layout-flow wp-block-column-is-layout-flow\">\n<p class=\"has-text-align-center wp-block-paragraph\"><strong>PREVIOUS EVENTS<\/strong><\/p>\n\n\n<div class=\"wp-block-image\">\n<figure class=\"aligncenter size-large is-resized\"><img loading=\"lazy\" decoding=\"async\" width=\"1024\" height=\"1024\" src=\"https:\/\/www.fisiocraneo.com\/wp-content\/uploads\/2025\/11\/WhatsApp-Image-2025-11-23-at-17.52.16-1024x1024.jpeg\" alt=\"\" class=\"wp-image-3147\" style=\"width:241px;height:auto\" srcset=\"https:\/\/www.fisiocraneo.com\/wp-content\/uploads\/2025\/11\/WhatsApp-Image-2025-11-23-at-17.52.16-1024x1024.jpeg 1024w, https:\/\/www.fisiocraneo.com\/wp-content\/uploads\/2025\/11\/WhatsApp-Image-2025-11-23-at-17.52.16-300x300.jpeg 300w, https:\/\/www.fisiocraneo.com\/wp-content\/uploads\/2025\/11\/WhatsApp-Image-2025-11-23-at-17.52.16-150x150.jpeg 150w, https:\/\/www.fisiocraneo.com\/wp-content\/uploads\/2025\/11\/WhatsApp-Image-2025-11-23-at-17.52.16-768x768.jpeg 768w, https:\/\/www.fisiocraneo.com\/wp-content\/uploads\/2025\/11\/WhatsApp-Image-2025-11-23-at-17.52.16.jpeg 1440w\" sizes=\"auto, (max-width: 1024px) 100vw, 1024px\" \/><\/figure>\n<\/div>\n\n\n<p class=\"has-text-align-center wp-block-paragraph\"><em>November 18, 2025<\/em><\/p>\n\n\n\n<h4 class=\"wp-block-heading has-text-align-left has-accent-2-color has-text-color has-link-color wp-elements-3\">Course on the Assessment and Management of Temporomandibular Disorders (TMD). Master&#8217;s Degree in Medicine, Surgery and Oral Implantology \u2013 University of Barcelona <\/h4>\n\n\n\n<p class=\"wp-block-paragraph\" style=\"font-size:15px\">Miguel Cano once again delivered the course on the assessment and management of temporomandibular disorders to the dentists enrolled in the University of Barcelona&#8217;s Master&#8217;s program.<\/p>\n\n\n\n<p class=\"has-text-align-center wp-block-paragraph\"><a href=\"https:\/\/www.linkedin.com\/posts\/umanresa-fundacio-universitaria-del-bages_migranya-recerca-activity-7257005445167337472-EopL?utm_source=share&amp;utm_medium=member_desktop\" data-type=\"link\" data-id=\"https:\/\/www.linkedin.com\/posts\/umanresa-fundacio-universitaria-del-bages_migranya-recerca-activity-7257005445167337472-EopL?utm_source=share&amp;utm_medium=member_desktop\" target=\"_blank\" rel=\"noopener\">Master&#8217;s Program Information<\/a><\/p>\n<\/div>\n<\/div>\n\n\n\n<h2 class=\"wp-block-heading\">Specialized training courses<\/h2>\n\n\n\n<div class=\"wp-block-columns is-layout-flex wp-container-core-columns-is-layout-8f761849 wp-block-columns-is-layout-flex\">\n<div class=\"wp-block-column is-layout-flow wp-block-column-is-layout-flow\">\n<figure class=\"wp-block-image size-large\"><img loading=\"lazy\" decoding=\"async\" width=\"1024\" height=\"349\" src=\"https:\/\/www.fisiocraneo.com\/wp-content\/uploads\/2024\/11\/postgrau-fisioterapia-cranimandibular-cervical-vestibular-2-1024x349.jpg\" alt=\"\" class=\"wp-image-3025\" srcset=\"https:\/\/www.fisiocraneo.com\/wp-content\/uploads\/2024\/11\/postgrau-fisioterapia-cranimandibular-cervical-vestibular-2-1024x349.jpg 1024w, https:\/\/www.fisiocraneo.com\/wp-content\/uploads\/2024\/11\/postgrau-fisioterapia-cranimandibular-cervical-vestibular-2-300x102.jpg 300w, https:\/\/www.fisiocraneo.com\/wp-content\/uploads\/2024\/11\/postgrau-fisioterapia-cranimandibular-cervical-vestibular-2-768x262.jpg 768w, https:\/\/www.fisiocraneo.com\/wp-content\/uploads\/2024\/11\/postgrau-fisioterapia-cranimandibular-cervical-vestibular-2.jpg 1312w\" sizes=\"auto, (max-width: 1024px) 100vw, 1024px\" \/><\/figure>\n<\/div>\n\n\n\n<div class=\"wp-block-column is-layout-flow wp-block-column-is-layout-flow\">\n<h4 class=\"wp-block-heading has-accent-hover-color has-text-color has-link-color wp-elements-4\">Postgraduate Program in Headaches, Temporomandibular Disorders, and Vestibular Syndromes<\/h4>\n\n\n\n<p class=\"wp-block-paragraph\">30 ECTS &#8211; Blended Learning<br\/>2025\/2026 &#8211; University of Manresa<br\/><a href=\"https:\/\/www.umanresa.cat\/index.php\/es\/estudios\/posgrados\/posgrado-fisioterapia-cefaleas-trastornos-temporomandibulares-y-sindromes-vestibulares\" target=\"_blank\" rel=\"noreferrer noopener\"><strong>+ More Information<\/strong><\/a><\/p>\n<\/div>\n<\/div>\n\n\n\n<div class=\"wp-block-columns is-layout-flex wp-container-core-columns-is-layout-8f761849 wp-block-columns-is-layout-flex\">\n<div class=\"wp-block-column is-layout-flow wp-block-column-is-layout-flow\">\n<figure class=\"wp-block-image size-full\"><img loading=\"lazy\" decoding=\"async\" width=\"528\" height=\"238\" src=\"https:\/\/www.fisiocraneo.com\/wp-content\/uploads\/2024\/11\/Captura-de-pantalla-2024-11-10-a-las-19.16.33-1.png\" alt=\"\" class=\"wp-image-3026\" srcset=\"https:\/\/www.fisiocraneo.com\/wp-content\/uploads\/2024\/11\/Captura-de-pantalla-2024-11-10-a-las-19.16.33-1.png 528w, https:\/\/www.fisiocraneo.com\/wp-content\/uploads\/2024\/11\/Captura-de-pantalla-2024-11-10-a-las-19.16.33-1-300x135.png 300w\" sizes=\"auto, (max-width: 528px) 100vw, 528px\" \/><\/figure>\n<\/div>\n\n\n\n<div class=\"wp-block-column is-layout-flow wp-block-column-is-layout-flow\">\n<h4 class=\"wp-block-heading has-accent-hover-color has-text-color has-link-color wp-elements-5\">University Expert Postgraduate Program: Physiotherapy for Temporomandibular Disorders and Sleep Disorders<\/h4>\n\n\n\n<p class=\"wp-block-paragraph\">15 ECTS &#8211; In-person modality<br\/>2025\/26 &#8211; Fisiofocus (Madrid)<br\/><strong><a href=\"https:\/\/www.fisiofocus.com\/es\/postgrado\/fisioterapia-trastornos-temporomandibulares-madrid\/\" target=\"_blank\" rel=\"noreferrer noopener\">+ info<\/a><\/strong><\/p>\n<\/div>\n<\/div>\n\n<\/div><\/div><\/div>\n<\/div>\n<\/div><\/div>\n<\/div>\n<h2 class=\"wp-block-heading\">If You Missed It<\/h2>\n<div class=\"gb-grid-wrapper gb-grid-wrapper-724e8cae\">\n<div class=\"gb-grid-column gb-grid-column-47c1764c\"><div class=\"gb-container gb-container-47c1764c\">\n<div class=\"wp-block-image\">\n<figure class=\"aligncenter size-large is-resized\"><img loading=\"lazy\" decoding=\"async\" width=\"768\" height=\"1024\" src=\"https:\/\/www.fisiocraneo.com\/wp-content\/uploads\/2025\/11\/WhatsApp-Image-2025-11-23-at-18.13.40-1-768x1024.jpeg\" alt=\"\" class=\"wp-image-3152\" style=\"width:188px;height:auto\" srcset=\"https:\/\/www.fisiocraneo.com\/wp-content\/uploads\/2025\/11\/WhatsApp-Image-2025-11-23-at-18.13.40-1-768x1024.jpeg 768w, https:\/\/www.fisiocraneo.com\/wp-content\/uploads\/2025\/11\/WhatsApp-Image-2025-11-23-at-18.13.40-1-225x300.jpeg 225w, https:\/\/www.fisiocraneo.com\/wp-content\/uploads\/2025\/11\/WhatsApp-Image-2025-11-23-at-18.13.40-1-1152x1536.jpeg 1152w, https:\/\/www.fisiocraneo.com\/wp-content\/uploads\/2025\/11\/WhatsApp-Image-2025-11-23-at-18.13.40-1.jpeg 1200w\" sizes=\"auto, (max-width: 768px) 100vw, 768px\" \/><\/figure>\n<\/div>\n\n\n<h4 class=\"wp-block-heading has-text-align-center has-accent-2-color has-text-color has-link-color wp-elements-6\">Central Catalonia Physiotherapy Conference: High-Intensity Training<br\/><br\/><\/h4>\n\n\n\n<p class=\"has-text-align-center wp-block-paragraph\" style=\"font-size:15px\">Jordi Padr\u00f3s participated with the lecture: <em>Entrenamiento en pacientes con migra\u00f1as\/cefaleas.<\/em><\/p>\n\n<\/div><\/div>\n\n<div class=\"gb-grid-column gb-grid-column-4716accc\"><div class=\"gb-container gb-container-4716accc\">\n<div class=\"wp-block-image\">\n<figure class=\"aligncenter size-large is-resized\"><img loading=\"lazy\" decoding=\"async\" width=\"737\" height=\"982\" src=\"https:\/\/www.fisiocraneo.com\/wp-content\/uploads\/2025\/11\/WhatsApp-Image-2025-11-23-at-17.42.02-edited.jpeg\" alt=\"\" class=\"wp-image-3154\" style=\"width:188px;height:auto\" srcset=\"https:\/\/www.fisiocraneo.com\/wp-content\/uploads\/2025\/11\/WhatsApp-Image-2025-11-23-at-17.42.02-edited.jpeg 737w, https:\/\/www.fisiocraneo.com\/wp-content\/uploads\/2025\/11\/WhatsApp-Image-2025-11-23-at-17.42.02-edited-225x300.jpeg 225w\" sizes=\"auto, (max-width: 737px) 100vw, 737px\" \/><\/figure>\n<\/div>\n\n\n<h4 class=\"wp-block-heading has-text-align-center has-accent-2-color has-text-color has-link-color wp-elements-7\">Physiotherapy Applied to Peripheral Facial Paralysis Course<br\/><br\/><\/h4>\n\n\n\n<p class=\"has-text-align-center wp-block-paragraph\" style=\"font-size:15px\">The FisioCraneo team, together with Laia Sall\u00e9s, organized the first course on the management of peripheral facial paralysis at the University of Manresa.<\/p>\n\n<\/div><\/div>\n\n<div class=\"gb-grid-column gb-grid-column-8f368f2f\"><div class=\"gb-container gb-container-8f368f2f\">\n<div class=\"wp-block-image\">\n<figure class=\"aligncenter size-large is-resized\"><img loading=\"lazy\" decoding=\"async\" width=\"1024\" height=\"768\" src=\"https:\/\/www.fisiocraneo.com\/wp-content\/uploads\/2025\/11\/WhatsApp-Image-2025-11-23-at-17.37.30-2-1024x768.jpeg\" alt=\"\" class=\"wp-image-3157\" style=\"width:337px;height:auto\" srcset=\"https:\/\/www.fisiocraneo.com\/wp-content\/uploads\/2025\/11\/WhatsApp-Image-2025-11-23-at-17.37.30-2-1024x768.jpeg 1024w, https:\/\/www.fisiocraneo.com\/wp-content\/uploads\/2025\/11\/WhatsApp-Image-2025-11-23-at-17.37.30-2-300x225.jpeg 300w, https:\/\/www.fisiocraneo.com\/wp-content\/uploads\/2025\/11\/WhatsApp-Image-2025-11-23-at-17.37.30-2-768x576.jpeg 768w, https:\/\/www.fisiocraneo.com\/wp-content\/uploads\/2025\/11\/WhatsApp-Image-2025-11-23-at-17.37.30-2-1536x1152.jpeg 1536w, https:\/\/www.fisiocraneo.com\/wp-content\/uploads\/2025\/11\/WhatsApp-Image-2025-11-23-at-17.37.30-2.jpeg 1600w\" sizes=\"auto, (max-width: 1024px) 100vw, 1024px\" \/><\/figure>\n<\/div>\n\n\n<h4 class=\"wp-block-heading has-text-align-center has-accent-2-color has-text-color has-link-color wp-elements-8\">Meet &amp; Science &#8211; Encaixant la fisioter\u00e0pia en la migranya<\/h4>\n\n\n\n<p class=\"has-text-align-center wp-block-paragraph\" style=\"font-size:15px\">A highly successful Meet &amp; Science event organized by the Col\u00b7legi de Fisioterapeutes de Catalunya, held in both Barcelona and Girona.<\/p>\n\n<\/div><\/div>\n<\/div><div class=\"gb-grid-wrapper gb-grid-wrapper-10a0d28b\">\n<div class=\"gb-grid-column gb-grid-column-0556184f\"><div class=\"gb-container gb-container-0556184f\">\n<div class=\"wp-block-image\">\n<figure class=\"aligncenter size-large is-resized\"><img loading=\"lazy\" decoding=\"async\" width=\"1024\" height=\"768\" src=\"https:\/\/www.fisiocraneo.com\/wp-content\/uploads\/2025\/02\/image-1-1024x768.png\" alt=\"\" class=\"wp-image-3118\" style=\"width:296px;height:auto\" srcset=\"https:\/\/www.fisiocraneo.com\/wp-content\/uploads\/2025\/02\/image-1-1024x768.png 1024w, https:\/\/www.fisiocraneo.com\/wp-content\/uploads\/2025\/02\/image-1-300x225.png 300w, https:\/\/www.fisiocraneo.com\/wp-content\/uploads\/2025\/02\/image-1-768x576.png 768w, https:\/\/www.fisiocraneo.com\/wp-content\/uploads\/2025\/02\/image-1-1536x1152.png 1536w, https:\/\/www.fisiocraneo.com\/wp-content\/uploads\/2025\/02\/image-1.png 2000w\" sizes=\"auto, (max-width: 1024px) 100vw, 1024px\" \/><\/figure>\n<\/div>\n\n\n<h4 class=\"wp-block-heading has-text-align-center has-accent-2-color has-text-color has-link-color wp-elements-9\">CRAFTA assitants teacher trainning<\/h4>\n\n\n\n<p class=\"wp-block-paragraph\" style=\"font-size:15px\">Annual meeting of the CRAFTA\u00ae Education Program in Edinburgh. Lecture by Miguel Cano: <br\/><em>Assessment of accessory movements of the ATM.<\/em><\/p>\n\n<\/div><\/div>\n\n<div class=\"gb-grid-column gb-grid-column-e4ecb80d\"><div class=\"gb-container gb-container-e4ecb80d\">\n<div class=\"wp-block-image\">\n<figure class=\"aligncenter size-full is-resized\"><img loading=\"lazy\" decoding=\"async\" width=\"228\" height=\"200\" src=\"https:\/\/www.fisiocraneo.com\/wp-content\/uploads\/2024\/11\/es.png\" alt=\"\" class=\"wp-image-3022\" style=\"width:251px;height:auto\"\/><\/figure>\n<\/div>\n\n\n<h4 class=\"wp-block-heading has-text-align-center has-accent-2-color has-text-color has-link-color wp-elements-10\">III International Physiotherapy Congress #FTP24<\/h4>\n\n\n\n<p class=\"wp-block-paragraph\" style=\"font-size:15px\">Lecture by Jordi Padr\u00f3s:<br\/><em>Recomendaciones de ejercicio en las cefaleas primarias: modalidades terap\u00e9uticas y adecuaci\u00f3n seg\u00fan mecanismos centrales y perif\u00e9ricos<\/em><\/p>\n\n<\/div><\/div>\n\n<div class=\"gb-grid-column gb-grid-column-84262482\"><div class=\"gb-container gb-container-84262482\">\n<div class=\"wp-block-image\">\n<figure class=\"aligncenter size-full is-resized\"><img loading=\"lazy\" decoding=\"async\" width=\"1024\" height=\"683\" src=\"https:\/\/www.fisiocraneo.com\/wp-content\/uploads\/2025\/02\/image.png\" alt=\"\" class=\"wp-image-3116\" style=\"width:342px;height:auto\" srcset=\"https:\/\/www.fisiocraneo.com\/wp-content\/uploads\/2025\/02\/image.png 1024w, https:\/\/www.fisiocraneo.com\/wp-content\/uploads\/2025\/02\/image-300x200.png 300w, https:\/\/www.fisiocraneo.com\/wp-content\/uploads\/2025\/02\/image-768x512.png 768w\" sizes=\"auto, (max-width: 1024px) 100vw, 1024px\" \/><\/figure>\n<\/div>\n\n\n<h4 class=\"wp-block-heading has-text-align-center has-accent-2-color has-text-color has-link-color wp-elements-11\">XIII Jornada: La Migranya a Catalunya<\/h4>\n\n\n\n<p class=\"wp-block-paragraph\" style=\"font-size:15px\">Jordi Padr\u00f3s participated in a multidisciplinary conference on migraine, where he presented the benefits of exercise as a fundamental component of non-pharmacological migraine treatment.<\/p>\n\n<\/div><\/div>\n<\/div>","protected":false},"excerpt":{"rendered":"<p>If You Missed It<\/p>\n","protected":false},"author":2,"featured_media":0,"parent":0,"menu_order":0,"comment_status":"closed","ping_status":"closed","template":"","meta":{"footnotes":""},"class_list":["post-3730","page","type-page","status-publish"],"_links":{"self":[{"href":"https:\/\/www.fisiocraneo.com\/en\/wp-json\/wp\/v2\/pages\/3730","targetHints":{"allow":["GET"]}}],"collection":[{"href":"https:\/\/www.fisiocraneo.com\/en\/wp-json\/wp\/v2\/pages"}],"about":[{"href":"https:\/\/www.fisiocraneo.com\/en\/wp-json\/wp\/v2\/types\/page"}],"author":[{"embeddable":true,"href":"https:\/\/www.fisiocraneo.com\/en\/wp-json\/wp\/v2\/users\/2"}],"replies":[{"embeddable":true,"href":"https:\/\/www.fisiocraneo.com\/en\/wp-json\/wp\/v2\/comments?post=3730"}],"version-history":[{"count":1,"href":"https:\/\/www.fisiocraneo.com\/en\/wp-json\/wp\/v2\/pages\/3730\/revisions"}],"predecessor-version":[{"id":3743,"href":"https:\/\/www.fisiocraneo.com\/en\/wp-json\/wp\/v2\/pages\/3730\/revisions\/3743"}],"wp:attachment":[{"href":"https:\/\/www.fisiocraneo.com\/en\/wp-json\/wp\/v2\/media?parent=3730"}],"curies":[{"name":"wp","href":"https:\/\/api.w.org\/{rel}","templated":true}]}}